{"id":652,"date":"2020-09-25T11:55:07","date_gmt":"2020-09-25T10:55:07","guid":{"rendered":"http:\/\/www.clessefrance.fr\/compacti\/?page_id=652"},"modified":"2020-12-03T11:04:16","modified_gmt":"2020-12-03T11:04:16","slug":"whats-inside-that-counts","status":"publish","type":"page","link":"https:\/\/www.clessefrance.fr\/compacti\/whats-inside-that-counts\/","title":{"rendered":"What\u2019s Inside that Counts"},"content":{"rendered":"[vc_row wpex_zindex=&#8221;-1&#8243;][vc_column]<div class=\"templatera_shortcode\"><div id=\"bottlesTOP\" data-vc-full-width=\"true\" data-vc-full-width-init=\"false\" data-vc-stretch-content=\"true\" class=\"vc_row wpb_row vc_row-fluid bottlesTOP vc_custom_1601027406851 vc_row-no-padding wpex-vc_row-has-fill wpex-vc-row-stretched wpex-vc-has-custom-column-spacing wpex-vc-column-spacing-0px\" style=\"z-index:-1!important;min-height:236px;background-position:center bottom !important;\"><div class=\"wpb_column vc_column_container vc_col-sm-12 vc_hidden-sm vc_hidden-xs\"><div class=\"vc_column-inner\"><div class=\"wpb_wrapper\"><\/div><\/div><\/div><\/div><div class=\"vc_row-full-width vc_clearfix\"><\/div><\/div>[\/vc_column][\/vc_row][vc_row][vc_column][vc_custom_heading text=&#8221;Ce qui compte est \u00e0 l&#8217;int\u00e9rieur&#8221; font_container=&#8221;tag:h1|text_align:center&#8221; use_theme_fonts=&#8221;yes&#8221; css=&#8221;.vc_custom_1605546297147{margin-bottom: 23px !important;}&#8221;][vc_custom_heading text=&#8221;Leaders du march\u00e9 et innovateurs, Clesse et Aiut, sp\u00e9cialistes renomm\u00e9s de la d\u00e9tente et des solutions de communication \u00e9lectronique, sont gages de caution que le dispositif complet mis en oeuvre est suffisamment performant pour justifier l&#8217;investissement.&#8221; font_container=&#8221;tag:h3|text_align:center|color:%23ffffff&#8221; use_theme_fonts=&#8221;yes&#8221; css=&#8221;.vc_custom_1606993454982{margin-bottom: 12px !important;}&#8221;][vc_column_text text_align=&#8221;center&#8221;]La conception enti\u00e8rement int\u00e9gr\u00e9e abrite le dispositif \u00e0 l&#8217;int\u00e9rieur de l&#8217;inverseur, qui pourra \u00e9galement \u00eatre mont\u00e9 r\u00e9troactivement sur l&#8217;inverseur automatique ACOTR Clesse.[\/vc_column_text][vc_separator color=&#8221;custom&#8221; accent_color=&#8221;#fcda63&#8243; css=&#8221;.vc_custom_1601031603757{margin-top: 43px !important;}&#8221;][\/vc_column][\/vc_row][vc_row css=&#8221;.vc_custom_1601031234213{margin-bottom: 34px !important;}&#8221;][vc_column][vc_single_image image=&#8221;687&#8243;][vc_separator color=&#8221;custom&#8221; accent_color=&#8221;#fcda63&#8243; css=&#8221;.vc_custom_1601031603757{margin-top: 43px !important;}&#8221;][\/vc_column][\/vc_row][vc_row][vc_column width=&#8221;2\/3&#8243;]<div class=\"vcex-module vcex-icon-box clr vcex-icon-box-one\"><a href=\"http:\/\/www.clessefrance.fr\/compacti\/products-service-packages\/#1\" class=\"vcex-icon-box-link\"><img loading=\"lazy\" decoding=\"async\" class=\"vcex-icon-box-image\" style=\"width:40px;\" src=\"https:\/\/www.clessefrance.fr\/compacti\/wp-content\/uploads\/2020\/09\/n1-40x40.png\" alt='' data-no-retina width=\"40\" height=\"40\" \/><div class=\"vcex-icon-box-heading\" style=\"color:#ffffff;\">Clesse CompacTR ACOTR<\/div><\/a><div class=\"vcex-icon-box-content clr\"><p><span style=\"color: #ffffff\"><a style=\"color: #ffffff\" href=\"http:\/\/www.clessefrance.fr\/compacti\/products-service-packages\/#1\">Les mod\u00e8les TR sont pr\u00eats \u00e0 accepter les dispositifs \u00e9lectroniques CompacTi.<\/a><\/span><\/p>\n<ul>\n<li><span style=\"color: #ffffff\"><a style=\"color: #ffffff\" href=\"http:\/\/www.clessefrance.fr\/compacti\/products-service-packages\/#1\">V\u00e9rifiez si votre d\u00e9tendeur de gaz est un mod\u00e8le TR en recherchant la plaque distinctive avec un logo gris sur le dessus<\/a><\/span><\/li>\n<li><span style=\"color: #ffffff\"><a style=\"color: #ffffff\" href=\"http:\/\/www.clessefrance.fr\/compacti\/products-service-packages\/#1\">vendu s\u00e9par\u00e9ment ou sous forme de kit complet contactez votre distributeur<\/a><\/span><\/li>\n<\/ul>\n<\/div><\/div><div class=\"vcex-module vcex-icon-box clr vcex-icon-box-one\"><a href=\"http:\/\/www.clessefrance.fr\/compacti\/products-service-packages\/#2\" class=\"vcex-icon-box-link\"><img loading=\"lazy\" decoding=\"async\" class=\"vcex-icon-box-image\" style=\"width:40px;\" src=\"https:\/\/www.clessefrance.fr\/compacti\/wp-content\/uploads\/2020\/09\/n2-40x40.png\" alt='' data-no-retina width=\"40\" height=\"40\" \/><div class=\"vcex-icon-box-heading\" style=\"color:#ffffff;\">CompacTi Backplate<\/div><\/a><div class=\"vcex-icon-box-content clr\"><p>Enti\u00e8rement conformes aux certification \u00e9lectroniques ATEX &amp; IECEx, avec approbation des communications ROUGE pour l&#8217;utilisation avec des \u00e9quipements \u00e0 gaz et par des temp\u00e9ratures de -25 \u00e0 +55\u00b0.<\/p>\n<p><strong><span style=\"color: #ffffff\"><a style=\"color: #ffffff\" href=\"http:\/\/www.clessefrance.fr\/compacti\/cii\/\">CII Intelligence int\u00e9gr\u00e9e<\/a><\/span> pour l&#8217;optimisation des bouteilles de gaz &#8211; <\/strong>d\u00e9tecte la pression, l&#8217;\u00e9tat de l&#8217;ACO, la temp\u00e9rature et le temps<\/p>\n<p><strong>Mod\u00e8les<\/strong> comprenant la norme Bluetooth uniquement et des options permettant de choisir diff\u00e9rents r\u00e9seaux de communication GSM, LoRa, NBIoT, Sigfox et r\u00e9seau priv\u00e9 RF<\/p>\n<ul>\n<li>Contactez Clesse pour trouver un distributeur agr\u00e9\u00e9 dans votre r\u00e9gion<\/li>\n<\/ul>\n<\/div><\/div>[\/vc_column][vc_column width=&#8221;1\/3&#8243;]<div class=\"vcex-module vcex-icon-box clr vcex-icon-box-one\"><img loading=\"lazy\" decoding=\"async\" class=\"vcex-icon-box-image\" style=\"width:40px;\" src=\"https:\/\/www.clessefrance.fr\/compacti\/wp-content\/uploads\/2020\/09\/n3-40x40.png\" alt='' data-no-retina width=\"40\" height=\"40\" \/><div class=\"vcex-icon-box-heading\">Batterie<\/div><div class=\"vcex-icon-box-content clr\"><p>Facilement rempla\u00e7able et jetable avec une esp\u00e9rance de vie allant jusqu&#8217;\u00e0 10 ans selon le type de communication et l&#8217;utilisation &#8211; options XP Power disponibles<\/p>\n<\/div><\/div><div class=\"vcex-icon-box-css-wrap vc_custom_1605546561140\"><div class=\"vcex-module vcex-icon-box clr vcex-icon-box-one\"><img loading=\"lazy\" decoding=\"async\" class=\"vcex-icon-box-image\" style=\"width:40px;\" src=\"https:\/\/www.clessefrance.fr\/compacti\/wp-content\/uploads\/2020\/09\/n4-40x40.png\" alt='' data-no-retina width=\"40\" height=\"40\" \/><div class=\"vcex-icon-box-heading\">A\u00e9rien<\/div><div class=\"vcex-icon-box-content clr\"><p>Fourni lorsqu&#8217;il est utilis\u00e9 avec des communications en r\u00e9seau permettant une meilleure r\u00e9ception,les emplacements o\u00f9 le signal est faible et lorsque les bouteilles sont install\u00e9es dans une armoire.<\/p>\n<\/div><\/div><\/div><div class=\"vc_custom_1605546568484 wpex-clr\"><a href=\"http:\/\/www.clessefrance.fr\/compacti\/wp-content\/uploads\/2020\/11\/Compliance-and-Safety-Information-Cxx5-OKO-APULSE-A6-17.4.2019-V1.pdf\" class=\"vcex-button theme-button inline animate-on-hover\" target=\"_blank\" style=\"color:#000000;\"><span class=\"theme-button-inner\">Voir le certificat de conformit\u00e9<\/span><\/a><\/div> [\/vc_column][\/vc_row][vc_row full_width=&#8221;stretch_row&#8221; css=&#8221;.vc_custom_1601031197783{padding-top: 54px !important;padding-bottom: 54px !important;background-color: #515151 !important;}&#8221;][vc_column width=&#8221;1\/2&#8243;]<div class=\"vcex-module vcex-icon-box clr vcex-icon-box-one\"><img loading=\"lazy\" decoding=\"async\" class=\"vcex-icon-box-image\" style=\"width:40px;\" src=\"https:\/\/www.clessefrance.fr\/compacti\/wp-content\/uploads\/2020\/02\/1-40x40.png\" alt='' data-no-retina width=\"40\" height=\"40\" \/><div class=\"vcex-icon-box-content clr\"><p><span style=\"color: #ffffff\"><a style=\"color: #ffffff\" href=\"http:\/\/www.clessefrance.fr\/compacti\/the-compacti-system\/\">Application Ti Smart &#8211; configuration pr\u00eate \u00e0 l&#8217;emploi comprenant les nouvelles fonctions &#8220;recherche et \u00e9change&#8221; de Home Scan et Scan du site<\/a><\/span><\/p>\n<\/div><\/div><div class=\"vcex-icon-box-css-wrap vc_custom_1605546669267\"><div class=\"vcex-module vcex-icon-box clr vcex-icon-box-one\"><img loading=\"lazy\" decoding=\"async\" class=\"vcex-icon-box-image\" style=\"width:40px;\" src=\"https:\/\/www.clessefrance.fr\/compacti\/wp-content\/uploads\/2020\/02\/2-40x40.png\" alt='' data-no-retina width=\"40\" height=\"40\" \/><div class=\"vcex-icon-box-content clr\"><p><span style=\"color: #ffffff\"><a style=\"color: #ffffff\" href=\"http:\/\/www.clessefrance.fr\/compacti\/features-benefits\/#3\">Sigfox, Lora, NbIoT, y compris les r\u00e9seaux cellulaires et la solution TiNet priv\u00e9e<\/a><\/span><\/p>\n<\/div><\/div><\/div><div class=\"vcex-icon-box-css-wrap vc_custom_1605546676641\"><div class=\"vcex-module vcex-icon-box clr vcex-icon-box-one\"><img loading=\"lazy\" decoding=\"async\" class=\"vcex-icon-box-image\" style=\"width:40px;\" src=\"https:\/\/www.clessefrance.fr\/compacti\/wp-content\/uploads\/2020\/02\/3-40x40.png\" alt='' data-no-retina width=\"40\" height=\"40\" \/><div class=\"vcex-icon-box-content clr\"><p>Bluetooth LE 4.0 &#8211; compatible avec la plupart des smartphones et tablettes &#8211; jusqu&#8217;\u00e0 100m en port\u00e9e directe<\/p>\n<\/div><\/div><\/div><div class=\"vcex-icon-box-css-wrap vc_custom_1605546684318\"><div class=\"vcex-module vcex-icon-box clr vcex-icon-box-one\"><img loading=\"lazy\" decoding=\"async\" class=\"vcex-icon-box-image\" style=\"width:40px;\" src=\"https:\/\/www.clessefrance.fr\/compacti\/wp-content\/uploads\/2020\/02\/4-40x40.png\" alt='' data-no-retina width=\"40\" height=\"40\" \/><div class=\"vcex-icon-box-content clr\"><p>Batterie longue dur\u00e9e jusqu&#8217;\u00e0 10 ans &#8211; Standard ou HD, rempla\u00e7able en accord avec le dispositif environnemental<\/p>\n<\/div><\/div><\/div>[\/vc_column][vc_column width=&#8221;1\/2&#8243;]<div class=\"vcex-module vcex-icon-box clr vcex-icon-box-one\"><img loading=\"lazy\" decoding=\"async\" class=\"vcex-icon-box-image\" style=\"width:40px;\" src=\"https:\/\/www.clessefrance.fr\/compacti\/wp-content\/uploads\/2020\/02\/5-40x40.png\" alt='' data-no-retina width=\"40\" height=\"40\" \/><div class=\"vcex-icon-box-content clr\"><p><span style=\"color: #ffffff\"><a style=\"color: #ffffff\" href=\"http:\/\/www.clessefrance.fr\/compacti\/wp-content\/uploads\/2020\/11\/Compliance-and-Safety-Information-Cxx5-OKO-APULSE-A6-17.4.2019-V1.pdf\" target=\"_blank\" rel=\"noopener noreferrer\">Robuste, int\u00e9gr\u00e9 IP66 adapt\u00e9 \u00e0 l&#8217;environnement ext\u00e9rieur &#8211; conformit\u00e9 internationalement reconnue ATEX, IECEx et RED<\/a><\/span><\/p>\n<\/div><\/div><div class=\"vcex-icon-box-css-wrap vc_custom_1605546715298\"><div class=\"vcex-module vcex-icon-box clr vcex-icon-box-one\"><img loading=\"lazy\" decoding=\"async\" class=\"vcex-icon-box-image\" style=\"width:40px;\" src=\"https:\/\/www.clessefrance.fr\/compacti\/wp-content\/uploads\/2020\/02\/6-40x40.png\" alt='' data-no-retina width=\"40\" height=\"40\" \/><div class=\"vcex-icon-box-content clr\"><p><span style=\"color: #ffffff\"><a style=\"color: #ffffff\" href=\"http:\/\/www.clessefrance.fr\/compact-800-2-cylinder-automatic-changeover\/\">Conception brevet\u00e9e &#8211; Compatible avec les mod\u00e8les Clesse ACO Compact basse pression et 0175 haute pression<\/a><\/span><\/p>\n<\/div><\/div><\/div><div class=\"vcex-icon-box-css-wrap vc_custom_1605546729313\"><div class=\"vcex-module vcex-icon-box clr vcex-icon-box-one\"><img loading=\"lazy\" decoding=\"async\" class=\"vcex-icon-box-image\" style=\"width:40px;\" src=\"https:\/\/www.clessefrance.fr\/compacti\/wp-content\/uploads\/2020\/02\/7-40x40.png\" alt='' data-no-retina width=\"40\" height=\"40\" \/><div class=\"vcex-icon-box-content clr\"><p><span style=\"color: #ffffff\"><a style=\"color: #ffffff\" href=\"http:\/\/www.clessefrance.fr\/compacti\/cii\/\">&#8220;Clesse Intelligence Int\u00e9gr\u00e9e&#8221; &#8211; micrologiciel int\u00e9gr\u00e9 optimisant les caract\u00e9ristiques des \u00e9quipements et de l&#8217;utilisation du gaz<\/a><\/span><\/p>\n<\/div><\/div><\/div>[\/vc_column][\/vc_row][vc_row full_width=&#8221;stretch_row_content_no_spaces&#8221; column_spacing=&#8221;0px&#8221; css=&#8221;.vc_custom_1601031385598{margin-top: -180px !important;margin-bottom: 0px !important;padding-top: 0px !important;background-image: url(http:\/\/www.clessefrance.fr\/compacti\/\/wp-content\/uploads\/2020\/01\/bottles3.png?id=96) !important;background-position: 0 0 !important;background-repeat: no-repeat !important;}&#8221; min_height=&#8221;236px&#8221; wpex_bg_position=&#8221;center center&#8221;][vc_column][\/vc_column][\/vc_row][vc_row][vc_column]<div class=\"templatera_shortcode\"><div class=\"vc_row wpb_row vc_row-fluid\"><div class=\"wpb_column vc_column_container vc_col-sm-12\"><div class=\"vc_column-inner\"><div class=\"wpb_wrapper\">\n\t<div class=\"wpb_text_column wpb_content_element \" >\n\t\t<div class=\"wpb_wrapper\">\n\t\t\t<h2 style=\"text-align: center;\"><span style=\"font-size: 14px;\"><a href=\"http:\/\/www.clessefrance.fr\/compacti\/whats-inside-that-counts\/\">Ce qui compte est \u00e0 l'int\u00e9rieur<\/a> \u00a0 | \u00a0 <a href=\"http:\/\/www.clessefrance.fr\/compacti\/operating-principle\/\">Principe de fonctionnement<\/a> \u00a0 | \u00a0 <a href=\"http:\/\/www.clessefrance.fr\/compacti\/products-service-packages\/\">Produits<\/a> \u00a0 | \u00a0 <a href=\"http:\/\/www.clessefrance.fr\/compacti\/service-package-comparisons\/\">Comparaison des offres<\/a> \u00a0 | \u00a0 <a href=\"http:\/\/www.clessefrance.fr\/compacti\/instructions\/\">Notice<\/a><\/span><br \/>\n<span style=\"font-size: 14px;\"><a href=\"http:\/\/www.clessefrance.fr\/compacti\/downloads\/\">T\u00e9l\u00e9chargements<\/a> \u00a0 | \u00a0 <a href=\"http:\/\/www.clessefrance.fr\/compacti\/frequently-asked-questions\/\">FAQ'S<\/a> \u00a0 | \u00a0 <a href=\"http:\/\/www.clessefrance.fr\/compacti\/how-to-videos\/\">\"How to\" videos\u00a0 <\/a>\u00a0| \u00a0 <a href=\"http:\/\/www.clessefrance.fr\/compacti\/gdpr\/\">GDRP<\/a> \u00a0 | \u00a0 <a href=\"http:\/\/www.clessefrance.fr\/contact-home\/\">Contact\u00a0 <\/a>\u00a0| \u00a0 <a href=\"http:\/\/www.clessefrance.fr\/compacti\/warranty\/\">Garantie<\/a><\/span><\/h2>\n\n\t\t<\/div>\n\t<\/div>\n<\/div><\/div><\/div><\/div><\/div>[\/vc_column][\/vc_row]\n","protected":false},"excerpt":{"rendered":"Ce qui compte est \u00e0 l'int\u00e9rieurLeaders du march\u00e9 et innovateurs, Clesse et Aiut, sp\u00e9cialistes renomm\u00e9s de la d\u00e9tente et des solutions de communication \u00e9lectronique, sont gages de caution que le dispositif complet mis en oeuvre est suffisamment performant pour justifier&hellip;","protected":false},"author":1,"featured_media":0,"parent":0,"menu_order":0,"comment_status":"closed","ping_status":"closed","template":"","meta":{"footnotes":""},"class_list":["post-652","page","type-page","status-publish","hentry","entry","no-media"],"_links":{"self":[{"href":"https:\/\/www.clessefrance.fr\/compacti\/wp-json\/wp\/v2\/pages\/652","targetHints":{"allow":["GET"]}}],"collection":[{"href":"https:\/\/www.clessefrance.fr\/compacti\/wp-json\/wp\/v2\/pages"}],"about":[{"href":"https:\/\/www.clessefrance.fr\/compacti\/wp-json\/wp\/v2\/types\/page"}],"author":[{"embeddable":true,"href":"https:\/\/www.clessefrance.fr\/compacti\/wp-json\/wp\/v2\/users\/1"}],"replies":[{"embeddable":true,"href":"https:\/\/www.clessefrance.fr\/compacti\/wp-json\/wp\/v2\/comments?post=652"}],"version-history":[{"count":41,"href":"https:\/\/www.clessefrance.fr\/compacti\/wp-json\/wp\/v2\/pages\/652\/revisions"}],"predecessor-version":[{"id":1340,"href":"https:\/\/www.clessefrance.fr\/compacti\/wp-json\/wp\/v2\/pages\/652\/revisions\/1340"}],"wp:attachment":[{"href":"https:\/\/www.clessefrance.fr\/compacti\/wp-json\/wp\/v2\/media?parent=652"}],"curies":[{"name":"wp","href":"https:\/\/api.w.org\/{rel}","templated":true}]}}